{"id":16475,"date":"2023-10-13T19:46:58","date_gmt":"2023-10-13T17:46:58","guid":{"rendered":"https:\/\/www.talschule.schulnetz.hamm.de\/wordpress\/?page_id=16475"},"modified":"2024-01-27T13:52:36","modified_gmt":"2024-01-27T12:52:36","slug":"digitales-lernen","status":"publish","type":"page","link":"https:\/\/www.talschule.schulnetz.hamm.de\/wordpress\/schulprofil\/digitales-lernen\/","title":{"rendered":"Digitales Lernen"},"content":{"rendered":"\n<p>Digitales Lernen nimmt an unserer Schule einen gro\u00dfen Stellenwert ein. Uns ist es wichtig, dass die Kinder einen bewussten und reflektierten Umgang mit den Ger\u00e4ten erlernen.<\/p>\n\n\n\n<p>Jeder Jahrgang hat einen Klassensatz iPads zur Verf\u00fcgung, die regelm\u00e4\u00dfig im Unterricht eingesetzt werden. Die Kinder nutzen die iPads beispielsweise daf\u00fcr, um <\/p>\n\n\n\n<ul class=\"wp-block-list\">\n<li>\u00fcber verschiedene Lern-Apps wie Anton oder Richtig rechnen Wissen in verschiedenen F\u00e4chern zu \u00fcben und zu vertiefen<\/li>\n<\/ul>\n\n\n\n<ul class=\"wp-block-list\">\n<li>Recherchen im Internet durchzuf\u00fchren<\/li>\n<\/ul>\n\n\n\n<ul class=\"wp-block-list\">\n<li>multimediale B\u00fccher mit der App Book Creator in verschiedenen F\u00e4chern zu erstellen<\/li>\n<\/ul>\n\n\n\n<p>Dar\u00fcber hinaus sind alle Klassenr\u00e4ume mit einem Apple TV ausgestattet. Den Lehrkr\u00e4ften ist es so m\u00f6glich, ihren Bildschirminhalt drahtlos auf dem Apple TV anzeigen zu lassen. Dadurch k\u00f6nnen s\u00e4mtliche Inhalte (Fotos, Videos etc.) von jedem iPad aus visualisiert und gemeinsam besprochen werden.<\/p>\n\n\n","protected":false},"excerpt":{"rendered":"<p>Digitales Lernen nimmt an unserer Schule einen gro\u00dfen Stellenwert ein. Uns ist es wichtig, dass die Kinder einen bewussten und reflektierten Umgang mit den Ger\u00e4ten erlernen. Jeder Jahrgang hat einen &#8230;<\/p>\n","protected":false},"author":8,"featured_media":0,"parent":15131,"menu_order":0,"comment_status":"closed","ping_status":"closed","template":"template-fullwidth.php","meta":{"footnotes":""},"class_list":["post-16475","page","type-page","status-publish","hentry"],"_links":{"self":[{"href":"https:\/\/www.talschule.schulnetz.hamm.de\/wordpress\/wp-json\/wp\/v2\/pages\/16475","targetHints":{"allow":["GET"]}}],"collection":[{"href":"https:\/\/www.talschule.schulnetz.hamm.de\/wordpress\/wp-json\/wp\/v2\/pages"}],"about":[{"href":"https:\/\/www.talschule.schulnetz.hamm.de\/wordpress\/wp-json\/wp\/v2\/types\/page"}],"author":[{"embeddable":true,"href":"https:\/\/www.talschule.schulnetz.hamm.de\/wordpress\/wp-json\/wp\/v2\/users\/8"}],"replies":[{"embeddable":true,"href":"https:\/\/www.talschule.schulnetz.hamm.de\/wordpress\/wp-json\/wp\/v2\/comments?post=16475"}],"version-history":[{"count":3,"href":"https:\/\/www.talschule.schulnetz.hamm.de\/wordpress\/wp-json\/wp\/v2\/pages\/16475\/revisions"}],"predecessor-version":[{"id":17648,"href":"https:\/\/www.talschule.schulnetz.hamm.de\/wordpress\/wp-json\/wp\/v2\/pages\/16475\/revisions\/17648"}],"up":[{"embeddable":true,"href":"https:\/\/www.talschule.schulnetz.hamm.de\/wordpress\/wp-json\/wp\/v2\/pages\/15131"}],"wp:attachment":[{"href":"https:\/\/www.talschule.schulnetz.hamm.de\/wordpress\/wp-json\/wp\/v2\/media?parent=16475"}],"curies":[{"name":"wp","href":"https:\/\/api.w.org\/{rel}","templated":true}]}}